{"id":629,"date":"2023-03-28T15:09:02","date_gmt":"2023-03-28T15:09:02","guid":{"rendered":"https:\/\/www.fuoribinario.org\/?page_id=629"},"modified":"2025-11-27T09:04:22","modified_gmt":"2025-11-27T09:04:22","slug":"nerosubianco","status":"publish","type":"page","link":"https:\/\/www.fuoribinario.org\/index.php\/nerosubianco\/","title":{"rendered":"Nero su bianco"},"content":{"rendered":"\n<p>Editoriali, commenti e prese di posizione della nostra redazione<\/p>\n\n\n\n\t\t\t<div class=\"wp-block-uagb-post-grid uagb-post-grid  uagb-post__image-position-top uagb-post__image-enabled uagb-block-9dc9c566     uagb-post__items uagb-post__columns-3 is-grid uagb-post__columns-tablet-2 uagb-post__columns-mobile-1 uagb-post__equal-height\" data-total=\"1\" style=\"\">\n\n\t\t\t\t\t\t\t\t\t\t\t\t<article class=\"uagb-post__inner-wrap\">\t\t\t\t\t\t\t\t<div class='uagb-post__image'>\n\t\t\t\t\t\t\t\t\t<a href=\"https:\/\/www.fuoribinario.org\/index.php\/2026\/04\/29\/una-pizza-per-il-microcredito-per-senza-dimora-il-10-maggio-con-fuori-binario-mediterranea\/\" target=\"_self\" rel=\"bookmark noopener noreferrer\" class='uagb-image-ratio-inherit'><img loading=\"lazy\" decoding=\"async\" width=\"819\" height=\"1024\" src=\"https:\/\/www.fuoribinario.org\/wp-content\/uploads\/2026\/04\/Pizzata-per-Stefano-819x1024.png\" class=\"attachment-large size-large\" alt=\"\" srcset=\"https:\/\/www.fuoribinario.org\/wp-content\/uploads\/2026\/04\/Pizzata-per-Stefano-819x1024.png 819w, https:\/\/www.fuoribinario.org\/wp-content\/uploads\/2026\/04\/Pizzata-per-Stefano-240x300.png 240w, https:\/\/www.fuoribinario.org\/wp-content\/uploads\/2026\/04\/Pizzata-per-Stefano-768x960.png 768w, https:\/\/www.fuoribinario.org\/wp-content\/uploads\/2026\/04\/Pizzata-per-Stefano.png 1080w\" sizes=\"auto, (max-width: 819px) 100vw, 819px\" \/>\t\t\t\t\t<\/a>\n\t\t\t\t\t\t\t<\/div>\n\t\t\t\t\t\t<h4 class=\"uagb-post__title uagb-post__text\">\n\t\t\t\t<a href=\"https:\/\/www.fuoribinario.org\/index.php\/2026\/04\/29\/una-pizza-per-il-microcredito-per-senza-dimora-il-10-maggio-con-fuori-binario-mediterranea\/\" target=\"_self\" rel=\"bookmark noopener noreferrer\">Una pizza per il &#8220;Microcredito per Senza dimora&#8221;, il 10 maggio con Fuori Binario &amp; Mediterranea<\/a>\n\t\t\t<\/h4>\n\t\t\t\t\t\t<div class='uagb-post__text uagb-post-grid-byline'>\n\t\t\t\t\t\t\t\t<span class=\"uagb-post__author\">\n\t\t\t\t\t\t\t\t\t<a href=\"https:\/\/www.fuoribinario.org\/index.php\/author\/fb\/\" title=\"Articoli scritti da fb\" rel=\"author\" itemprop=\"author\" itemscope=\"itemscope\" itemtype=\"https:\/\/schema.org\/Person\">fb<\/a>\t\t\t\t<\/span>\n\t\t\t\t\t\t\t<time datetime=\"2026-04-29T06:59:59+00:00\" class=\"uagb-post__date\">\n\t\t\t\t\t\t\t\t\t29\/04\/2026\t\t\t\t<\/time>\n\t\t\t\t\t\t<\/div>\n\t\t\t\t\t\t\t<div class='uagb-post__text uagb-post__excerpt'>\n\t\t\t\t\t<p>UNA PIZZA PER&#8230; SOCCORRERE IN MARE, ACCOGLIERE IN CITT\u00c0Domenica 10 maggio dalle ore 12 nel Cortile di Fuori Binario, in Piazza Tasso a Firenze \ud83c\udd95 Ti&#8230;\t\t\t\t<\/div>\n\t\t\t\t\t\t<div class=\"uagb-post__text uagb-post__cta wp-block-button\">\n\t\t\t\t<a class=\"wp-block-button__link uagb-text-link\" style=\"\" href=\"https:\/\/www.fuoribinario.org\/index.php\/2026\/04\/29\/una-pizza-per-il-microcredito-per-senza-dimora-il-10-maggio-con-fuori-binario-mediterranea\/\" target=\"_self\" rel=\"bookmark noopener noreferrer\">Leggi tutto<\/a>\n\t\t\t<\/div>\n\t\t\t\n\t\t\t\t\t\t\t\t\t<\/article>\n\t\t\t\t\t\t\t\t\t\t\t\t\t\t\t\t<article class=\"uagb-post__inner-wrap\">\t\t\t\t\t\t\t\t<div class='uagb-post__image'>\n\t\t\t\t\t\t\t\t\t<a href=\"https:\/\/www.fuoribinario.org\/index.php\/2026\/04\/28\/in-direzione-ostinata-e-contraria-fuori-binario-al-convegno-di-romena-il-9-maggio\/\" target=\"_self\" rel=\"bookmark noopener noreferrer\" class='uagb-image-ratio-inherit'><img loading=\"lazy\" decoding=\"async\" width=\"1024\" height=\"1024\" src=\"https:\/\/www.fuoribinario.org\/wp-content\/uploads\/2026\/04\/FB-Promo-articoli-1024x1024.png\" class=\"attachment-large size-large\" alt=\"\" srcset=\"https:\/\/www.fuoribinario.org\/wp-content\/uploads\/2026\/04\/FB-Promo-articoli-1024x1024.png 1024w, https:\/\/www.fuoribinario.org\/wp-content\/uploads\/2026\/04\/FB-Promo-articoli-300x300.png 300w, https:\/\/www.fuoribinario.org\/wp-content\/uploads\/2026\/04\/FB-Promo-articoli-150x150.png 150w, https:\/\/www.fuoribinario.org\/wp-content\/uploads\/2026\/04\/FB-Promo-articoli-768x768.png 768w, https:\/\/www.fuoribinario.org\/wp-content\/uploads\/2026\/04\/FB-Promo-articoli.png 1080w\" sizes=\"auto, (max-width: 1024px) 100vw, 1024px\" \/>\t\t\t\t\t<\/a>\n\t\t\t\t\t\t\t<\/div>\n\t\t\t\t\t\t<h4 class=\"uagb-post__title uagb-post__text\">\n\t\t\t\t<a href=\"https:\/\/www.fuoribinario.org\/index.php\/2026\/04\/28\/in-direzione-ostinata-e-contraria-fuori-binario-al-convegno-di-romena-il-9-maggio\/\" target=\"_self\" rel=\"bookmark noopener noreferrer\">&#8220;In direzione ostinata e contraria&#8221;, Fuori Binario al convegno di Romena il 9 maggio<\/a>\n\t\t\t<\/h4>\n\t\t\t\t\t\t<div class='uagb-post__text uagb-post-grid-byline'>\n\t\t\t\t\t\t\t\t<span class=\"uagb-post__author\">\n\t\t\t\t\t\t\t\t\t<a href=\"https:\/\/www.fuoribinario.org\/index.php\/author\/fb\/\" title=\"Articoli scritti da fb\" rel=\"author\" itemprop=\"author\" itemscope=\"itemscope\" itemtype=\"https:\/\/schema.org\/Person\">fb<\/a>\t\t\t\t<\/span>\n\t\t\t\t\t\t\t<time datetime=\"2026-04-28T08:36:12+00:00\" class=\"uagb-post__date\">\n\t\t\t\t\t\t\t\t\t28\/04\/2026\t\t\t\t<\/time>\n\t\t\t\t\t\t<\/div>\n\t\t\t\t\t\t\t<div class='uagb-post__text uagb-post__excerpt'>\n\t\t\t\t\t<p>\ud83c\udd95 Info sul convegno di Romena In direzione ostinata e contraria al link:https:\/\/www.romena.it\/events\/event\/in-direzione-ostinata-e-contraria\/<\/p>\n\t\t\t\t<\/div>\n\t\t\t\t\t\t<div class=\"uagb-post__text uagb-post__cta wp-block-button\">\n\t\t\t\t<a class=\"wp-block-button__link uagb-text-link\" style=\"\" href=\"https:\/\/www.fuoribinario.org\/index.php\/2026\/04\/28\/in-direzione-ostinata-e-contraria-fuori-binario-al-convegno-di-romena-il-9-maggio\/\" target=\"_self\" rel=\"bookmark noopener noreferrer\">Leggi tutto<\/a>\n\t\t\t<\/div>\n\t\t\t\n\t\t\t\t\t\t\t\t\t<\/article>\n\t\t\t\t\t\t\t\t\t\t\t\t\t\t\t\t<article class=\"uagb-post__inner-wrap\">\t\t\t\t\t\t\t\t<div class='uagb-post__image'>\n\t\t\t\t\t\t\t\t\t<a href=\"https:\/\/www.fuoribinario.org\/index.php\/2026\/03\/03\/lora-di-scrivere-la-scrittura-in-carcere-lunedi-16-marzo-alle-18-30-a-fuori-binario-con-monica-sarsini\/\" target=\"_self\" rel=\"bookmark noopener noreferrer\" class='uagb-image-ratio-inherit'><img loading=\"lazy\" decoding=\"async\" width=\"819\" height=\"1024\" src=\"https:\/\/www.fuoribinario.org\/wp-content\/uploads\/2026\/03\/POST_VERSO_IL_FESTIVAL_FLWC2026-819x1024.png\" class=\"attachment-large size-large\" alt=\"\" srcset=\"https:\/\/www.fuoribinario.org\/wp-content\/uploads\/2026\/03\/POST_VERSO_IL_FESTIVAL_FLWC2026-819x1024.png 819w, https:\/\/www.fuoribinario.org\/wp-content\/uploads\/2026\/03\/POST_VERSO_IL_FESTIVAL_FLWC2026-240x300.png 240w, https:\/\/www.fuoribinario.org\/wp-content\/uploads\/2026\/03\/POST_VERSO_IL_FESTIVAL_FLWC2026-768x960.png 768w, https:\/\/www.fuoribinario.org\/wp-content\/uploads\/2026\/03\/POST_VERSO_IL_FESTIVAL_FLWC2026.png 1080w\" sizes=\"auto, (max-width: 819px) 100vw, 819px\" \/>\t\t\t\t\t<\/a>\n\t\t\t\t\t\t\t<\/div>\n\t\t\t\t\t\t<h4 class=\"uagb-post__title uagb-post__text\">\n\t\t\t\t<a href=\"https:\/\/www.fuoribinario.org\/index.php\/2026\/03\/03\/lora-di-scrivere-la-scrittura-in-carcere-lunedi-16-marzo-alle-18-30-a-fuori-binario-con-monica-sarsini\/\" target=\"_self\" rel=\"bookmark noopener noreferrer\">&#8220;L&#8217;ora di scrivere&#8221;, la scrittura in carcere: luned\u00ec 16 marzo alle 18.30 a Fuori Binario con Monica Sarsini<\/a>\n\t\t\t<\/h4>\n\t\t\t\t\t\t<div class='uagb-post__text uagb-post-grid-byline'>\n\t\t\t\t\t\t\t\t<span class=\"uagb-post__author\">\n\t\t\t\t\t\t\t\t\t<a href=\"https:\/\/www.fuoribinario.org\/index.php\/author\/fb\/\" title=\"Articoli scritti da fb\" rel=\"author\" itemprop=\"author\" itemscope=\"itemscope\" itemtype=\"https:\/\/schema.org\/Person\">fb<\/a>\t\t\t\t<\/span>\n\t\t\t\t\t\t\t<time datetime=\"2026-03-03T10:55:41+00:00\" class=\"uagb-post__date\">\n\t\t\t\t\t\t\t\t\t03\/03\/2026\t\t\t\t<\/time>\n\t\t\t\t\t\t<\/div>\n\t\t\t\t\t\t\t<div class='uagb-post__text uagb-post__excerpt'>\n\t\t\t\t\t<p>Luned\u00ec 16 marzo &#8211; Ore 18.30Fuori Binario, via del Leone 76 \ud83d\udea9 Fuori Binario e il Festival di Letteratura Working Class vi invitano all&#8217;incontro L&#8217;ora di&#8230;\t\t\t\t<\/div>\n\t\t\t\t\t\t<div class=\"uagb-post__text uagb-post__cta wp-block-button\">\n\t\t\t\t<a class=\"wp-block-button__link uagb-text-link\" style=\"\" href=\"https:\/\/www.fuoribinario.org\/index.php\/2026\/03\/03\/lora-di-scrivere-la-scrittura-in-carcere-lunedi-16-marzo-alle-18-30-a-fuori-binario-con-monica-sarsini\/\" target=\"_self\" rel=\"bookmark noopener noreferrer\">Leggi tutto<\/a>\n\t\t\t<\/div>\n\t\t\t\n\t\t\t\t\t\t\t\t\t<\/article>\n\t\t\t\t\t\t\t\t\t\t\t\t\t\t\t\t<article class=\"uagb-post__inner-wrap\">\t\t\t\t\t\t\t\t<div class='uagb-post__image'>\n\t\t\t\t\t\t\t\t\t<a href=\"https:\/\/www.fuoribinario.org\/index.php\/2026\/02\/26\/fuori-binario-a-voices-il-festival-europeo-di-giornalismo\/\" target=\"_self\" rel=\"bookmark noopener noreferrer\" class='uagb-image-ratio-inherit'><img loading=\"lazy\" decoding=\"async\" width=\"616\" height=\"773\" src=\"https:\/\/www.fuoribinario.org\/wp-content\/uploads\/2026\/02\/Schermata-del-2026-02-26-14-16-20.png\" class=\"attachment-large size-large\" alt=\"\" srcset=\"https:\/\/www.fuoribinario.org\/wp-content\/uploads\/2026\/02\/Schermata-del-2026-02-26-14-16-20.png 616w, https:\/\/www.fuoribinario.org\/wp-content\/uploads\/2026\/02\/Schermata-del-2026-02-26-14-16-20-239x300.png 239w\" sizes=\"auto, (max-width: 616px) 100vw, 616px\" \/>\t\t\t\t\t<\/a>\n\t\t\t\t\t\t\t<\/div>\n\t\t\t\t\t\t<h4 class=\"uagb-post__title uagb-post__text\">\n\t\t\t\t<a href=\"https:\/\/www.fuoribinario.org\/index.php\/2026\/02\/26\/fuori-binario-a-voices-il-festival-europeo-di-giornalismo\/\" target=\"_self\" rel=\"bookmark noopener noreferrer\">Fuori Binario a Voices, il Festival Europeo di giornalismo<\/a>\n\t\t\t<\/h4>\n\t\t\t\t\t\t<div class='uagb-post__text uagb-post-grid-byline'>\n\t\t\t\t\t\t\t\t<span class=\"uagb-post__author\">\n\t\t\t\t\t\t\t\t\t<a href=\"https:\/\/www.fuoribinario.org\/index.php\/author\/fb\/\" title=\"Articoli scritti da fb\" rel=\"author\" itemprop=\"author\" itemscope=\"itemscope\" itemtype=\"https:\/\/schema.org\/Person\">fb<\/a>\t\t\t\t<\/span>\n\t\t\t\t\t\t\t<time datetime=\"2026-02-26T13:23:57+00:00\" class=\"uagb-post__date\">\n\t\t\t\t\t\t\t\t\t26\/02\/2026\t\t\t\t<\/time>\n\t\t\t\t\t\t<\/div>\n\t\t\t\t\t\t\t<div class='uagb-post__text uagb-post__excerpt'>\n\t\t\t\t\t<p>Appuntamento al Teatro del Maggio l&#8217;11 marzo alle 16.30 &#8220;Voci locali, potere locale &#8211; Informare e includere a Firenze&#8221; \u00e8 il titolo dell&#8217;incontro che si terr\u00e0&#8230;\t\t\t\t<\/div>\n\t\t\t\t\t\t<div class=\"uagb-post__text uagb-post__cta wp-block-button\">\n\t\t\t\t<a class=\"wp-block-button__link uagb-text-link\" style=\"\" href=\"https:\/\/www.fuoribinario.org\/index.php\/2026\/02\/26\/fuori-binario-a-voices-il-festival-europeo-di-giornalismo\/\" target=\"_self\" rel=\"bookmark noopener noreferrer\">Leggi tutto<\/a>\n\t\t\t<\/div>\n\t\t\t\n\t\t\t\t\t\t\t\t\t<\/article>\n\t\t\t\t\t\t\t\t\t\t\t\t\t\t\t\t<article class=\"uagb-post__inner-wrap\">\t\t\t\t\t\t\t\t<div class='uagb-post__image'>\n\t\t\t\t\t\t\t\t\t<a href=\"https:\/\/www.fuoribinario.org\/index.php\/2026\/02\/05\/referendum-noi-votiamo-no-a-difesa-dei-piu-deboli\/\" target=\"_self\" rel=\"bookmark noopener noreferrer\" class='uagb-image-ratio-inherit'><img loading=\"lazy\" decoding=\"async\" width=\"1024\" height=\"576\" src=\"https:\/\/www.fuoribinario.org\/wp-content\/uploads\/2026\/02\/giustodireno-cover-YT-1024x576.png\" class=\"attachment-large size-large\" alt=\"\" srcset=\"https:\/\/www.fuoribinario.org\/wp-content\/uploads\/2026\/02\/giustodireno-cover-YT-1024x576.png 1024w, https:\/\/www.fuoribinario.org\/wp-content\/uploads\/2026\/02\/giustodireno-cover-YT-300x169.png 300w, https:\/\/www.fuoribinario.org\/wp-content\/uploads\/2026\/02\/giustodireno-cover-YT-768x432.png 768w, https:\/\/www.fuoribinario.org\/wp-content\/uploads\/2026\/02\/giustodireno-cover-YT-1536x864.png 1536w, https:\/\/www.fuoribinario.org\/wp-content\/uploads\/2026\/02\/giustodireno-cover-YT.png 2048w\" sizes=\"auto, (max-width: 1024px) 100vw, 1024px\" \/>\t\t\t\t\t<\/a>\n\t\t\t\t\t\t\t<\/div>\n\t\t\t\t\t\t<h4 class=\"uagb-post__title uagb-post__text\">\n\t\t\t\t<a href=\"https:\/\/www.fuoribinario.org\/index.php\/2026\/02\/05\/referendum-noi-votiamo-no-a-difesa-dei-piu-deboli\/\" target=\"_self\" rel=\"bookmark noopener noreferrer\">Referendum, noi votiamo NO, a difesa dei pi\u00f9 deboli<\/a>\n\t\t\t<\/h4>\n\t\t\t\t\t\t<div class='uagb-post__text uagb-post-grid-byline'>\n\t\t\t\t\t\t\t\t<span class=\"uagb-post__author\">\n\t\t\t\t\t\t\t\t\t<a href=\"https:\/\/www.fuoribinario.org\/index.php\/author\/fb\/\" title=\"Articoli scritti da fb\" rel=\"author\" itemprop=\"author\" itemscope=\"itemscope\" itemtype=\"https:\/\/schema.org\/Person\">fb<\/a>\t\t\t\t<\/span>\n\t\t\t\t\t\t\t<time datetime=\"2026-02-05T08:18:31+00:00\" class=\"uagb-post__date\">\n\t\t\t\t\t\t\t\t\t05\/02\/2026\t\t\t\t<\/time>\n\t\t\t\t\t\t<\/div>\n\t\t\t\t\t\t\t<div class='uagb-post__text uagb-post__excerpt'>\n\t\t\t\t\t<p>Sin dalla fondazione nel 1994 l\u2019impegno di Fuori Binario \u00e8 la difesa, il rispetto e l\u2019estensione dei diritti sociali e civili, sempre pi\u00f9 erosi dall\u2019introduzione nel&#8230;\t\t\t\t<\/div>\n\t\t\t\t\t\t<div class=\"uagb-post__text uagb-post__cta wp-block-button\">\n\t\t\t\t<a class=\"wp-block-button__link uagb-text-link\" style=\"\" href=\"https:\/\/www.fuoribinario.org\/index.php\/2026\/02\/05\/referendum-noi-votiamo-no-a-difesa-dei-piu-deboli\/\" target=\"_self\" rel=\"bookmark noopener noreferrer\">Leggi tutto<\/a>\n\t\t\t<\/div>\n\t\t\t\n\t\t\t\t\t\t\t\t\t<\/article>\n\t\t\t\t\t\t\t\t\t\t\t\t\t\t\t\t<article class=\"uagb-post__inner-wrap\">\t\t\t\t\t\t\t\t<div class='uagb-post__image'>\n\t\t\t\t\t\t\t\t\t<a href=\"https:\/\/www.fuoribinario.org\/index.php\/2026\/02\/05\/balordo-a-chi\/\" target=\"_self\" rel=\"bookmark noopener noreferrer\" class='uagb-image-ratio-inherit'><img loading=\"lazy\" decoding=\"async\" width=\"1024\" height=\"684\" src=\"https:\/\/www.fuoribinario.org\/wp-content\/uploads\/2026\/02\/salvini-1024x684.jpg\" class=\"attachment-large size-large\" alt=\"\" srcset=\"https:\/\/www.fuoribinario.org\/wp-content\/uploads\/2026\/02\/salvini-1024x684.jpg 1024w, https:\/\/www.fuoribinario.org\/wp-content\/uploads\/2026\/02\/salvini-300x200.jpg 300w, https:\/\/www.fuoribinario.org\/wp-content\/uploads\/2026\/02\/salvini-768x513.jpg 768w, https:\/\/www.fuoribinario.org\/wp-content\/uploads\/2026\/02\/salvini-1536x1025.jpg 1536w, https:\/\/www.fuoribinario.org\/wp-content\/uploads\/2026\/02\/salvini.jpg 1600w\" sizes=\"auto, (max-width: 1024px) 100vw, 1024px\" \/>\t\t\t\t\t<\/a>\n\t\t\t\t\t\t\t<\/div>\n\t\t\t\t\t\t<h4 class=\"uagb-post__title uagb-post__text\">\n\t\t\t\t<a href=\"https:\/\/www.fuoribinario.org\/index.php\/2026\/02\/05\/balordo-a-chi\/\" target=\"_self\" rel=\"bookmark noopener noreferrer\">Balordo a chi?<\/a>\n\t\t\t<\/h4>\n\t\t\t\t\t\t<div class='uagb-post__text uagb-post-grid-byline'>\n\t\t\t\t\t\t\t\t<span class=\"uagb-post__author\">\n\t\t\t\t\t\t\t\t\t<a href=\"https:\/\/www.fuoribinario.org\/index.php\/author\/fb\/\" title=\"Articoli scritti da fb\" rel=\"author\" itemprop=\"author\" itemscope=\"itemscope\" itemtype=\"https:\/\/schema.org\/Person\">fb<\/a>\t\t\t\t<\/span>\n\t\t\t\t\t\t\t<time datetime=\"2026-02-05T08:05:15+00:00\" class=\"uagb-post__date\">\n\t\t\t\t\t\t\t\t\t05\/02\/2026\t\t\t\t<\/time>\n\t\t\t\t\t\t<\/div>\n\t\t\t\t\t\t\t<div class='uagb-post__text uagb-post__excerpt'>\n\t\t\t\t\t<p>\u201cBisogna allontanare i balordi\u201d, con queste parole da statista Matteo Salvini \u00e8 intervenuto durante il dibattito sull\u2019ennesimo decreto sicurezza in approvazione mentre scriviamo. La Treccani definisce&#8230;\t\t\t\t<\/div>\n\t\t\t\t\t\t<div class=\"uagb-post__text uagb-post__cta wp-block-button\">\n\t\t\t\t<a class=\"wp-block-button__link uagb-text-link\" style=\"\" href=\"https:\/\/www.fuoribinario.org\/index.php\/2026\/02\/05\/balordo-a-chi\/\" target=\"_self\" rel=\"bookmark noopener noreferrer\">Leggi tutto<\/a>\n\t\t\t<\/div>\n\t\t\t\n\t\t\t\t\t\t\t\t\t<\/article>\n\t\t\t\t\t\t\t\t\t\t\t\t\t\t\t\t<article class=\"uagb-post__inner-wrap\">\t\t\t\t\t\t\t\t<div class='uagb-post__image'>\n\t\t\t\t\t\t\t\t\t<a href=\"https:\/\/www.fuoribinario.org\/index.php\/2026\/01\/15\/19-febbraio-cena-per-fuori-binario-e-incontro\/\" target=\"_self\" rel=\"bookmark noopener noreferrer\" class='uagb-image-ratio-inherit'><img loading=\"lazy\" decoding=\"async\" width=\"1024\" height=\"878\" src=\"https:\/\/www.fuoribinario.org\/wp-content\/uploads\/2026\/01\/Cena-19-febbraio-1-2-1024x878.png\" class=\"attachment-large size-large\" alt=\"\" srcset=\"https:\/\/www.fuoribinario.org\/wp-content\/uploads\/2026\/01\/Cena-19-febbraio-1-2-1024x878.png 1024w, https:\/\/www.fuoribinario.org\/wp-content\/uploads\/2026\/01\/Cena-19-febbraio-1-2-300x257.png 300w, https:\/\/www.fuoribinario.org\/wp-content\/uploads\/2026\/01\/Cena-19-febbraio-1-2-768x658.png 768w, https:\/\/www.fuoribinario.org\/wp-content\/uploads\/2026\/01\/Cena-19-febbraio-1-2.png 1240w\" sizes=\"auto, (max-width: 1024px) 100vw, 1024px\" \/>\t\t\t\t\t<\/a>\n\t\t\t\t\t\t\t<\/div>\n\t\t\t\t\t\t<h4 class=\"uagb-post__title uagb-post__text\">\n\t\t\t\t<a href=\"https:\/\/www.fuoribinario.org\/index.php\/2026\/01\/15\/19-febbraio-cena-per-fuori-binario-e-incontro\/\" target=\"_self\" rel=\"bookmark noopener noreferrer\">19 febbraio, a cena per Fuori Binario e incontro su &#8220;Un&#8217;altra memoria&#8221; con Orto Collettivo e CdP Calenzano<\/a>\n\t\t\t<\/h4>\n\t\t\t\t\t\t<div class='uagb-post__text uagb-post-grid-byline'>\n\t\t\t\t\t\t\t\t<span class=\"uagb-post__author\">\n\t\t\t\t\t\t\t\t\t<a href=\"https:\/\/www.fuoribinario.org\/index.php\/author\/fb\/\" title=\"Articoli scritti da fb\" rel=\"author\" itemprop=\"author\" itemscope=\"itemscope\" itemtype=\"https:\/\/schema.org\/Person\">fb<\/a>\t\t\t\t<\/span>\n\t\t\t\t\t\t\t<time datetime=\"2026-01-15T15:40:17+00:00\" class=\"uagb-post__date\">\n\t\t\t\t\t\t\t\t\t15\/01\/2026\t\t\t\t<\/time>\n\t\t\t\t\t\t<\/div>\n\t\t\t\t\t\t\t<div class='uagb-post__text uagb-post__excerpt'>\n\t\t\t\t\t<p>Prenota qui https:\/\/bit.ly\/CenaCalenzano | Sotto la locandina le info utili Orto Collettivo e la Casa del popolo di Calenzano in collaborazione con Fuori Binario vi invitano&#8230;\t\t\t\t<\/div>\n\t\t\t\t\t\t<div class=\"uagb-post__text uagb-post__cta wp-block-button\">\n\t\t\t\t<a class=\"wp-block-button__link uagb-text-link\" style=\"\" href=\"https:\/\/www.fuoribinario.org\/index.php\/2026\/01\/15\/19-febbraio-cena-per-fuori-binario-e-incontro\/\" target=\"_self\" rel=\"bookmark noopener noreferrer\">Leggi tutto<\/a>\n\t\t\t<\/div>\n\t\t\t\n\t\t\t\t\t\t\t\t\t<\/article>\n\t\t\t\t\t\t\t\t\t\t\t\t\t\t\t\t<article class=\"uagb-post__inner-wrap\">\t\t\t\t\t\t\t\t<div class='uagb-post__image'>\n\t\t\t\t\t\t\t\t\t<a href=\"https:\/\/www.fuoribinario.org\/index.php\/2026\/01\/04\/acisjf-un-luogo-da-cui-ripartire\/\" target=\"_self\" rel=\"bookmark noopener noreferrer\" class='uagb-image-ratio-inherit'><img loading=\"lazy\" decoding=\"async\" width=\"448\" height=\"292\" src=\"https:\/\/www.fuoribinario.org\/wp-content\/uploads\/2025\/12\/Schermata-del-2025-12-17-10-50-09.png\" class=\"attachment-large size-large\" alt=\"\" srcset=\"https:\/\/www.fuoribinario.org\/wp-content\/uploads\/2025\/12\/Schermata-del-2025-12-17-10-50-09.png 448w, https:\/\/www.fuoribinario.org\/wp-content\/uploads\/2025\/12\/Schermata-del-2025-12-17-10-50-09-300x196.png 300w\" sizes=\"auto, (max-width: 448px) 100vw, 448px\" \/>\t\t\t\t\t<\/a>\n\t\t\t\t\t\t\t<\/div>\n\t\t\t\t\t\t<h4 class=\"uagb-post__title uagb-post__text\">\n\t\t\t\t<a href=\"https:\/\/www.fuoribinario.org\/index.php\/2026\/01\/04\/acisjf-un-luogo-da-cui-ripartire\/\" target=\"_self\" rel=\"bookmark noopener noreferrer\">Acisjf, un luogo da cui ripartire<\/a>\n\t\t\t<\/h4>\n\t\t\t\t\t\t<div class='uagb-post__text uagb-post-grid-byline'>\n\t\t\t\t\t\t\t\t<span class=\"uagb-post__author\">\n\t\t\t\t\t\t\t\t\t<a href=\"https:\/\/www.fuoribinario.org\/index.php\/author\/fb\/\" title=\"Articoli scritti da fb\" rel=\"author\" itemprop=\"author\" itemscope=\"itemscope\" itemtype=\"https:\/\/schema.org\/Person\">fb<\/a>\t\t\t\t<\/span>\n\t\t\t\t\t\t\t<time datetime=\"2026-01-04T09:53:36+00:00\" class=\"uagb-post__date\">\n\t\t\t\t\t\t\t\t\t04\/01\/2026\t\t\t\t<\/time>\n\t\t\t\t\t\t<\/div>\n\t\t\t\t\t\t\t<div class='uagb-post__text uagb-post__excerpt'>\n\t\t\t\t\t<p>di Cristina Niccoletti e Jacopo Stefani A testimonianza della variet\u00e0 dell&#8217;utenza che si raccoglie in questo edificio cos\u00ec poco appariscente, dalla porticina che troviamo poco oltre&#8230;\t\t\t\t<\/div>\n\t\t\t\t\t\t<div class=\"uagb-post__text uagb-post__cta wp-block-button\">\n\t\t\t\t<a class=\"wp-block-button__link uagb-text-link\" style=\"\" href=\"https:\/\/www.fuoribinario.org\/index.php\/2026\/01\/04\/acisjf-un-luogo-da-cui-ripartire\/\" target=\"_self\" rel=\"bookmark noopener noreferrer\">Leggi tutto<\/a>\n\t\t\t<\/div>\n\t\t\t\n\t\t\t\t\t\t\t\t\t<\/article>\n\t\t\t\t\t\t\t\t\t\t\t\t\t\t\t\t<article class=\"uagb-post__inner-wrap\">\t\t\t\t\t\t\t\t<div class='uagb-post__image'>\n\t\t\t\t\t\t\t\t\t<a href=\"https:\/\/www.fuoribinario.org\/index.php\/2026\/01\/01\/occasioni-in-sede\/\" target=\"_self\" rel=\"bookmark noopener noreferrer\" class='uagb-image-ratio-inherit'><img loading=\"lazy\" decoding=\"async\" width=\"450\" height=\"319\" src=\"https:\/\/www.fuoribinario.org\/wp-content\/uploads\/2025\/12\/Schermata-del-2025-12-17-10-47-43.png\" class=\"attachment-large size-large\" alt=\"\" srcset=\"https:\/\/www.fuoribinario.org\/wp-content\/uploads\/2025\/12\/Schermata-del-2025-12-17-10-47-43.png 450w, https:\/\/www.fuoribinario.org\/wp-content\/uploads\/2025\/12\/Schermata-del-2025-12-17-10-47-43-300x213.png 300w\" sizes=\"auto, (max-width: 450px) 100vw, 450px\" \/>\t\t\t\t\t<\/a>\n\t\t\t\t\t\t\t<\/div>\n\t\t\t\t\t\t<h4 class=\"uagb-post__title uagb-post__text\">\n\t\t\t\t<a href=\"https:\/\/www.fuoribinario.org\/index.php\/2026\/01\/01\/occasioni-in-sede\/\" target=\"_self\" rel=\"bookmark noopener noreferrer\">Occasioni&#8230; in sede<\/a>\n\t\t\t<\/h4>\n\t\t\t\t\t\t<div class='uagb-post__text uagb-post-grid-byline'>\n\t\t\t\t\t\t\t\t<span class=\"uagb-post__author\">\n\t\t\t\t\t\t\t\t\t<a href=\"https:\/\/www.fuoribinario.org\/index.php\/author\/fb\/\" title=\"Articoli scritti da fb\" rel=\"author\" itemprop=\"author\" itemscope=\"itemscope\" itemtype=\"https:\/\/schema.org\/Person\">fb<\/a>\t\t\t\t<\/span>\n\t\t\t\t\t\t\t<time datetime=\"2026-01-01T09:50:32+00:00\" class=\"uagb-post__date\">\n\t\t\t\t\t\t\t\t\t01\/01\/2026\t\t\t\t<\/time>\n\t\t\t\t\t\t<\/div>\n\t\t\t\t\t\t\t<div class='uagb-post__text uagb-post__excerpt'>\n\t\t\t\t\t<p>di Francesco Martinelli e Andrea Millotti L&#8217;aspetto interno della sede di Periferie al Centro &#8211; Fuori Binario sta cambiando. Dopo la messa a norma dell&#8217;impianto elettrico&#8230;\t\t\t\t<\/div>\n\t\t\t\t\t\t<div class=\"uagb-post__text uagb-post__cta wp-block-button\">\n\t\t\t\t<a class=\"wp-block-button__link uagb-text-link\" style=\"\" href=\"https:\/\/www.fuoribinario.org\/index.php\/2026\/01\/01\/occasioni-in-sede\/\" target=\"_self\" rel=\"bookmark noopener noreferrer\">Leggi tutto<\/a>\n\t\t\t<\/div>\n\t\t\t\n\t\t\t\t\t\t\t\t\t<\/article>\n\t\t\t\t\t\t\t\t\t\t\t\t\t\t\t\t<article class=\"uagb-post__inner-wrap\">\t\t\t\t\t\t\t\t<div class='uagb-post__image'>\n\t\t\t\t\t\t\t\t\t<a href=\"https:\/\/www.fuoribinario.org\/index.php\/2025\/12\/18\/assemblea-straordinaria-di-fuori-binario-10-gennaio-dalle-9-30-a-casa-caciolle\/\" target=\"_self\" rel=\"bookmark noopener noreferrer\" class='uagb-image-ratio-inherit'><img loading=\"lazy\" decoding=\"async\" width=\"1024\" height=\"878\" src=\"https:\/\/www.fuoribinario.org\/wp-content\/uploads\/2025\/12\/Box-10-gennaio-per-prima-pagina-1024x878.png\" class=\"attachment-large size-large\" alt=\"\" srcset=\"https:\/\/www.fuoribinario.org\/wp-content\/uploads\/2025\/12\/Box-10-gennaio-per-prima-pagina-1024x878.png 1024w, https:\/\/www.fuoribinario.org\/wp-content\/uploads\/2025\/12\/Box-10-gennaio-per-prima-pagina-300x257.png 300w, https:\/\/www.fuoribinario.org\/wp-content\/uploads\/2025\/12\/Box-10-gennaio-per-prima-pagina-768x658.png 768w, https:\/\/www.fuoribinario.org\/wp-content\/uploads\/2025\/12\/Box-10-gennaio-per-prima-pagina.png 1240w\" sizes=\"auto, (max-width: 1024px) 100vw, 1024px\" \/>\t\t\t\t\t<\/a>\n\t\t\t\t\t\t\t<\/div>\n\t\t\t\t\t\t<h4 class=\"uagb-post__title uagb-post__text\">\n\t\t\t\t<a href=\"https:\/\/www.fuoribinario.org\/index.php\/2025\/12\/18\/assemblea-straordinaria-di-fuori-binario-10-gennaio-dalle-9-30-a-casa-caciolle\/\" target=\"_self\" rel=\"bookmark noopener noreferrer\">Assemblea straordinaria di Fuori Binario: 10 gennaio dalle 9.30 a Casa Caciolle<\/a>\n\t\t\t<\/h4>\n\t\t\t\t\t\t<div class='uagb-post__text uagb-post-grid-byline'>\n\t\t\t\t\t\t\t\t<span class=\"uagb-post__author\">\n\t\t\t\t\t\t\t\t\t<a href=\"https:\/\/www.fuoribinario.org\/index.php\/author\/redazione\/\" title=\"Articoli scritti da Fuori Binario\" rel=\"author\" itemprop=\"author\" itemscope=\"itemscope\" itemtype=\"https:\/\/schema.org\/Person\">Fuori Binario<\/a>\t\t\t\t<\/span>\n\t\t\t\t\t\t\t<time datetime=\"2025-12-18T14:05:45+00:00\" class=\"uagb-post__date\">\n\t\t\t\t\t\t\t\t\t18\/12\/2025\t\t\t\t<\/time>\n\t\t\t\t\t\t<\/div>\n\t\t\t\t\t\t\t<div class='uagb-post__text uagb-post__excerpt'>\n\t\t\t\t\t<p>Per rafforzare il nostro percorso sociale e giornalistico sabato 10 gennaio \u00e8 prevista un&#8217;Assemblea straordinaria di Fuori Binario, animata da tutte e tutti coloro che scrivono,&#8230;\t\t\t\t<\/div>\n\t\t\t\t\t\t<div class=\"uagb-post__text uagb-post__cta wp-block-button\">\n\t\t\t\t<a class=\"wp-block-button__link uagb-text-link\" style=\"\" href=\"https:\/\/www.fuoribinario.org\/index.php\/2025\/12\/18\/assemblea-straordinaria-di-fuori-binario-10-gennaio-dalle-9-30-a-casa-caciolle\/\" target=\"_self\" rel=\"bookmark noopener noreferrer\">Leggi tutto<\/a>\n\t\t\t<\/div>\n\t\t\t\n\t\t\t\t\t\t\t\t\t<\/article>\n\t\t\t\t\t\t\t\t\t\t\t\t\t\t\t\t<article class=\"uagb-post__inner-wrap\">\t\t\t\t\t\t\t\t<div class='uagb-post__image'>\n\t\t\t\t\t\t\t\t\t<a href=\"https:\/\/www.fuoribinario.org\/index.php\/2025\/12\/18\/cogli-lattimo-e-sostieni-chi-vive-in-palestina-con-la-app-antispreco-che-trasforma-leccesso-in-solidarieta\/\" target=\"_self\" rel=\"bookmark noopener noreferrer\" class='uagb-image-ratio-inherit'><img loading=\"lazy\" decoding=\"async\" width=\"819\" height=\"1024\" src=\"https:\/\/www.fuoribinario.org\/wp-content\/uploads\/2025\/12\/jabra-819x1024.jpeg\" class=\"attachment-large size-large\" alt=\"\" srcset=\"https:\/\/www.fuoribinario.org\/wp-content\/uploads\/2025\/12\/jabra-819x1024.jpeg 819w, https:\/\/www.fuoribinario.org\/wp-content\/uploads\/2025\/12\/jabra-240x300.jpeg 240w, https:\/\/www.fuoribinario.org\/wp-content\/uploads\/2025\/12\/jabra-768x960.jpeg 768w, https:\/\/www.fuoribinario.org\/wp-content\/uploads\/2025\/12\/jabra.jpeg 1080w\" sizes=\"auto, (max-width: 819px) 100vw, 819px\" \/>\t\t\t\t\t<\/a>\n\t\t\t\t\t\t\t<\/div>\n\t\t\t\t\t\t<h4 class=\"uagb-post__title uagb-post__text\">\n\t\t\t\t<a href=\"https:\/\/www.fuoribinario.org\/index.php\/2025\/12\/18\/cogli-lattimo-e-sostieni-chi-vive-in-palestina-con-la-app-antispreco-che-trasforma-leccesso-in-solidarieta\/\" target=\"_self\" rel=\"bookmark noopener noreferrer\">Cogli l\u2019attimo e sostieni chi vive in Palestina<\/a>\n\t\t\t<\/h4>\n\t\t\t\t\t\t<div class='uagb-post__text uagb-post-grid-byline'>\n\t\t\t\t\t\t\t\t<span class=\"uagb-post__author\">\n\t\t\t\t\t\t\t\t\t<a href=\"https:\/\/www.fuoribinario.org\/index.php\/author\/redazione\/\" title=\"Articoli scritti da Fuori Binario\" rel=\"author\" itemprop=\"author\" itemscope=\"itemscope\" itemtype=\"https:\/\/schema.org\/Person\">Fuori Binario<\/a>\t\t\t\t<\/span>\n\t\t\t\t\t\t\t<time datetime=\"2025-12-18T13:12:34+00:00\" class=\"uagb-post__date\">\n\t\t\t\t\t\t\t\t\t18\/12\/2025\t\t\t\t<\/time>\n\t\t\t\t\t\t<\/div>\n\t\t\t\t\t\t\t<div class='uagb-post__text uagb-post__excerpt'>\n\t\t\t\t\t<p>di Alberto Ottanelli Immaginate di poter combattere lo spreco alimentare, sostenere la rete del piccolo commercio locale e aiutare le famiglie bisognose, tutto con un unico&#8230;\t\t\t\t<\/div>\n\t\t\t\t\t\t<div class=\"uagb-post__text uagb-post__cta wp-block-button\">\n\t\t\t\t<a class=\"wp-block-button__link uagb-text-link\" style=\"\" href=\"https:\/\/www.fuoribinario.org\/index.php\/2025\/12\/18\/cogli-lattimo-e-sostieni-chi-vive-in-palestina-con-la-app-antispreco-che-trasforma-leccesso-in-solidarieta\/\" target=\"_self\" rel=\"bookmark noopener noreferrer\">Leggi tutto<\/a>\n\t\t\t<\/div>\n\t\t\t\n\t\t\t\t\t\t\t\t\t<\/article>\n\t\t\t\t\t\t\t\t\t\t\t\t\t\t\t\t<article class=\"uagb-post__inner-wrap\">\t\t\t\t\t\t\t\t<div class='uagb-post__image'>\n\t\t\t\t\t\t\t\t\t<a href=\"https:\/\/www.fuoribinario.org\/index.php\/2025\/12\/18\/ex-gkn-unazione-contro-il-riarmo\/\" target=\"_self\" rel=\"bookmark noopener noreferrer\" class='uagb-image-ratio-inherit'><img loading=\"lazy\" decoding=\"async\" width=\"477\" height=\"260\" src=\"https:\/\/www.fuoribinario.org\/wp-content\/uploads\/2025\/12\/Schermata-del-2025-12-18-13-52-54.png\" class=\"attachment-large size-large\" alt=\"\" srcset=\"https:\/\/www.fuoribinario.org\/wp-content\/uploads\/2025\/12\/Schermata-del-2025-12-18-13-52-54.png 477w, https:\/\/www.fuoribinario.org\/wp-content\/uploads\/2025\/12\/Schermata-del-2025-12-18-13-52-54-300x164.png 300w\" sizes=\"auto, (max-width: 477px) 100vw, 477px\" \/>\t\t\t\t\t<\/a>\n\t\t\t\t\t\t\t<\/div>\n\t\t\t\t\t\t<h4 class=\"uagb-post__title uagb-post__text\">\n\t\t\t\t<a href=\"https:\/\/www.fuoribinario.org\/index.php\/2025\/12\/18\/ex-gkn-unazione-contro-il-riarmo\/\" target=\"_self\" rel=\"bookmark noopener noreferrer\">Ex GKN, un\u2019azione contro il RIARMO<\/a>\n\t\t\t<\/h4>\n\t\t\t\t\t\t<div class='uagb-post__text uagb-post-grid-byline'>\n\t\t\t\t\t\t\t\t<span class=\"uagb-post__author\">\n\t\t\t\t\t\t\t\t\t<a href=\"https:\/\/www.fuoribinario.org\/index.php\/author\/valentinabaronti\/\" title=\"Articoli scritti da Valentina Baronti\" rel=\"author\" itemprop=\"author\" itemscope=\"itemscope\" itemtype=\"https:\/\/schema.org\/Person\">Valentina Baronti<\/a>\t\t\t\t<\/span>\n\t\t\t\t\t\t\t<time datetime=\"2025-12-18T12:58:35+00:00\" class=\"uagb-post__date\">\n\t\t\t\t\t\t\t\t\t18\/12\/2025\t\t\t\t<\/time>\n\t\t\t\t\t\t<\/div>\n\t\t\t\t\t\t\t<div class='uagb-post__text uagb-post__excerpt'>\n\t\t\t\t\t<p>DI VALENTINA BARONTI Ex Gkn, un finale ancora da scrivere C\u2019era una volta una fabbrica di automobili. Ci lavoravano 500 persone, che un venerd\u00ec d\u2019estate si&#8230;\t\t\t\t<\/div>\n\t\t\t\t\t\t<div class=\"uagb-post__text uagb-post__cta wp-block-button\">\n\t\t\t\t<a class=\"wp-block-button__link uagb-text-link\" style=\"\" href=\"https:\/\/www.fuoribinario.org\/index.php\/2025\/12\/18\/ex-gkn-unazione-contro-il-riarmo\/\" target=\"_self\" rel=\"bookmark noopener noreferrer\">Leggi tutto<\/a>\n\t\t\t<\/div>\n\t\t\t\n\t\t\t\t\t\t\t\t\t<\/article>\n\t\t\t\t\t\t\t\t\t\t\t\t\t\t\t\t<article class=\"uagb-post__inner-wrap\">\t\t\t\t\t\t\t\t<div class='uagb-post__image'>\n\t\t\t\t\t\t\t\t\t<a href=\"https:\/\/www.fuoribinario.org\/index.php\/2025\/12\/17\/questo-libro-e-illegale\/\" target=\"_self\" rel=\"bookmark noopener noreferrer\" class='uagb-image-ratio-inherit'><img loading=\"lazy\" decoding=\"async\" width=\"666\" height=\"1024\" src=\"https:\/\/www.fuoribinario.org\/wp-content\/uploads\/2025\/12\/Cop_LIBRO_ILLEGALE_Sito.webp\" class=\"attachment-large size-large\" alt=\"\" srcset=\"https:\/\/www.fuoribinario.org\/wp-content\/uploads\/2025\/12\/Cop_LIBRO_ILLEGALE_Sito.webp 666w, https:\/\/www.fuoribinario.org\/wp-content\/uploads\/2025\/12\/Cop_LIBRO_ILLEGALE_Sito-195x300.webp 195w\" sizes=\"auto, (max-width: 666px) 100vw, 666px\" \/>\t\t\t\t\t<\/a>\n\t\t\t\t\t\t\t<\/div>\n\t\t\t\t\t\t<h4 class=\"uagb-post__title uagb-post__text\">\n\t\t\t\t<a href=\"https:\/\/www.fuoribinario.org\/index.php\/2025\/12\/17\/questo-libro-e-illegale\/\" target=\"_self\" rel=\"bookmark noopener noreferrer\">Questo libro \u00e8 illegale<\/a>\n\t\t\t<\/h4>\n\t\t\t\t\t\t<div class='uagb-post__text uagb-post-grid-byline'>\n\t\t\t\t\t\t\t\t<span class=\"uagb-post__author\">\n\t\t\t\t\t\t\t\t\t<a href=\"https:\/\/www.fuoribinario.org\/index.php\/author\/fb\/\" title=\"Articoli scritti da fb\" rel=\"author\" itemprop=\"author\" itemscope=\"itemscope\" itemtype=\"https:\/\/schema.org\/Person\">fb<\/a>\t\t\t\t<\/span>\n\t\t\t\t\t\t\t<time datetime=\"2025-12-17T09:58:12+00:00\" class=\"uagb-post__date\">\n\t\t\t\t\t\t\t\t\t17\/12\/2025\t\t\t\t<\/time>\n\t\t\t\t\t\t<\/div>\n\t\t\t\t\t\t\t<div class='uagb-post__text uagb-post__excerpt'>\n\t\t\t\t\t<p>di Ornella De Zordo Pubblicato nell&#8217;agosto del 2025 da Altreconomia, a cura dell&#8217;Osservatorio Repressione e Volere la luna, Questo libro \u00e8 illegale \u00e8 gi\u00e0 stato presentato&#8230;\t\t\t\t<\/div>\n\t\t\t\t\t\t<div class=\"uagb-post__text uagb-post__cta wp-block-button\">\n\t\t\t\t<a class=\"wp-block-button__link uagb-text-link\" style=\"\" href=\"https:\/\/www.fuoribinario.org\/index.php\/2025\/12\/17\/questo-libro-e-illegale\/\" target=\"_self\" rel=\"bookmark noopener noreferrer\">Leggi tutto<\/a>\n\t\t\t<\/div>\n\t\t\t\n\t\t\t\t\t\t\t\t\t<\/article>\n\t\t\t\t\t\t\t\t\t\t\t\t\t\t\t\t<article class=\"uagb-post__inner-wrap\">\t\t\t\t\t\t\t\t<div class='uagb-post__image'>\n\t\t\t\t\t\t\t\t\t<a href=\"https:\/\/www.fuoribinario.org\/index.php\/2025\/12\/17\/accordo-tombale\/\" target=\"_self\" rel=\"bookmark noopener noreferrer\" class='uagb-image-ratio-inherit'><img loading=\"lazy\" decoding=\"async\" width=\"572\" height=\"429\" src=\"https:\/\/www.fuoribinario.org\/wp-content\/uploads\/2025\/12\/calenzano.webp\" class=\"attachment-large size-large\" alt=\"\" srcset=\"https:\/\/www.fuoribinario.org\/wp-content\/uploads\/2025\/12\/calenzano.webp 572w, https:\/\/www.fuoribinario.org\/wp-content\/uploads\/2025\/12\/calenzano-300x225.webp 300w\" sizes=\"auto, (max-width: 572px) 100vw, 572px\" \/>\t\t\t\t\t<\/a>\n\t\t\t\t\t\t\t<\/div>\n\t\t\t\t\t\t<h4 class=\"uagb-post__title uagb-post__text\">\n\t\t\t\t<a href=\"https:\/\/www.fuoribinario.org\/index.php\/2025\/12\/17\/accordo-tombale\/\" target=\"_self\" rel=\"bookmark noopener noreferrer\">Accordo tombale<\/a>\n\t\t\t<\/h4>\n\t\t\t\t\t\t<div class='uagb-post__text uagb-post-grid-byline'>\n\t\t\t\t\t\t\t\t<span class=\"uagb-post__author\">\n\t\t\t\t\t\t\t\t\t<a href=\"https:\/\/www.fuoribinario.org\/index.php\/author\/valentinabaronti\/\" title=\"Articoli scritti da Valentina Baronti\" rel=\"author\" itemprop=\"author\" itemscope=\"itemscope\" itemtype=\"https:\/\/schema.org\/Person\">Valentina Baronti<\/a>\t\t\t\t<\/span>\n\t\t\t\t\t\t\t<time datetime=\"2025-12-17T09:33:26+00:00\" class=\"uagb-post__date\">\n\t\t\t\t\t\t\t\t\t17\/12\/2025\t\t\t\t<\/time>\n\t\t\t\t\t\t<\/div>\n\t\t\t\t\t\t\t<div class='uagb-post__text uagb-post__excerpt'>\n\t\t\t\t\t<p>DI VALENTINA BARONTI L\u2019immagine \u00e8 suggestiva. Al posto del deposito Eni di Calenzano, dove un anno fa furono uccisi 5 lavoratori, sorger\u00e0 un parco fotovoltaico che&#8230;\t\t\t\t<\/div>\n\t\t\t\t\t\t<div class=\"uagb-post__text uagb-post__cta wp-block-button\">\n\t\t\t\t<a class=\"wp-block-button__link uagb-text-link\" style=\"\" href=\"https:\/\/www.fuoribinario.org\/index.php\/2025\/12\/17\/accordo-tombale\/\" target=\"_self\" rel=\"bookmark noopener noreferrer\">Leggi tutto<\/a>\n\t\t\t<\/div>\n\t\t\t\n\t\t\t\t\t\t\t\t\t<\/article>\n\t\t\t\t\t\t\t\t\t\t\t\t\t\t\t\t<article class=\"uagb-post__inner-wrap\">\t\t\t\t\t\t\t\t<div class='uagb-post__image'>\n\t\t\t\t\t\t\t\t\t<a href=\"https:\/\/www.fuoribinario.org\/index.php\/2025\/11\/27\/richiedi-il-calendario-2026\/\" target=\"_self\" rel=\"bookmark noopener noreferrer\" class='uagb-image-ratio-inherit'><img loading=\"lazy\" decoding=\"async\" width=\"1024\" height=\"1024\" src=\"https:\/\/www.fuoribinario.org\/wp-content\/uploads\/2025\/11\/Calendario-2026-1024x1024.png\" class=\"attachment-large size-large\" alt=\"\" srcset=\"https:\/\/www.fuoribinario.org\/wp-content\/uploads\/2025\/11\/Calendario-2026-1024x1024.png 1024w, https:\/\/www.fuoribinario.org\/wp-content\/uploads\/2025\/11\/Calendario-2026-300x300.png 300w, https:\/\/www.fuoribinario.org\/wp-content\/uploads\/2025\/11\/Calendario-2026-150x150.png 150w, https:\/\/www.fuoribinario.org\/wp-content\/uploads\/2025\/11\/Calendario-2026-768x768.png 768w, https:\/\/www.fuoribinario.org\/wp-content\/uploads\/2025\/11\/Calendario-2026.png 1181w\" sizes=\"auto, (max-width: 1024px) 100vw, 1024px\" \/>\t\t\t\t\t<\/a>\n\t\t\t\t\t\t\t<\/div>\n\t\t\t\t\t\t<h4 class=\"uagb-post__title uagb-post__text\">\n\t\t\t\t<a href=\"https:\/\/www.fuoribinario.org\/index.php\/2025\/11\/27\/richiedi-il-calendario-2026\/\" target=\"_self\" rel=\"bookmark noopener noreferrer\">Richiedi il Calendario 2026!<\/a>\n\t\t\t<\/h4>\n\t\t\t\t\t\t<div class='uagb-post__text uagb-post-grid-byline'>\n\t\t\t\t\t\t\t\t<span class=\"uagb-post__author\">\n\t\t\t\t\t\t\t\t\t<a href=\"https:\/\/www.fuoribinario.org\/index.php\/author\/redazione\/\" title=\"Articoli scritti da Fuori Binario\" rel=\"author\" itemprop=\"author\" itemscope=\"itemscope\" itemtype=\"https:\/\/schema.org\/Person\">Fuori Binario<\/a>\t\t\t\t<\/span>\n\t\t\t\t\t\t\t<time datetime=\"2025-11-27T15:42:57+00:00\" class=\"uagb-post__date\">\n\t\t\t\t\t\t\t\t\t27\/11\/2025\t\t\t\t<\/time>\n\t\t\t\t\t\t<\/div>\n\t\t\t\t\t\t\t<div class='uagb-post__text uagb-post__excerpt'>\n\t\t\t\t\t<p>Torna il Calendario di Fuori Binario, in vendita nelle strade di Firenze e presso la nostra sede di via del Leone. Quest&#8217;anno il calendario \u00e8 frutto&#8230;\t\t\t\t<\/div>\n\t\t\t\t\t\t<div class=\"uagb-post__text uagb-post__cta wp-block-button\">\n\t\t\t\t<a class=\"wp-block-button__link uagb-text-link\" style=\"\" href=\"https:\/\/www.fuoribinario.org\/index.php\/2025\/11\/27\/richiedi-il-calendario-2026\/\" target=\"_self\" rel=\"bookmark noopener noreferrer\">Leggi tutto<\/a>\n\t\t\t<\/div>\n\t\t\t\n\t\t\t\t\t\t\t\t\t<\/article>\n\t\t\t\t\t\t\t\t\t\t\t\t\t\t\t\t<article class=\"uagb-post__inner-wrap\">\t\t\t\t\t\t\t\t<div class='uagb-post__image'>\n\t\t\t\t\t\t\t\t\t<a href=\"https:\/\/www.fuoribinario.org\/index.php\/2025\/11\/27\/la-rete-antisfratto-e-un-manuale-di-resistenza\/\" target=\"_self\" rel=\"bookmark noopener noreferrer\" class='uagb-image-ratio-inherit'><img loading=\"lazy\" decoding=\"async\" width=\"623\" height=\"578\" src=\"https:\/\/www.fuoribinario.org\/wp-content\/uploads\/2025\/11\/Schermata-del-2025-11-27-10-13-18.png\" class=\"attachment-large size-large\" alt=\"\" srcset=\"https:\/\/www.fuoribinario.org\/wp-content\/uploads\/2025\/11\/Schermata-del-2025-11-27-10-13-18.png 623w, https:\/\/www.fuoribinario.org\/wp-content\/uploads\/2025\/11\/Schermata-del-2025-11-27-10-13-18-300x278.png 300w\" sizes=\"auto, (max-width: 623px) 100vw, 623px\" \/>\t\t\t\t\t<\/a>\n\t\t\t\t\t\t\t<\/div>\n\t\t\t\t\t\t<h4 class=\"uagb-post__title uagb-post__text\">\n\t\t\t\t<a href=\"https:\/\/www.fuoribinario.org\/index.php\/2025\/11\/27\/la-rete-antisfratto-e-un-manuale-di-resistenza\/\" target=\"_self\" rel=\"bookmark noopener noreferrer\">La Rete Antisfratto e il Manuale pratico di Resistenza<\/a>\n\t\t\t<\/h4>\n\t\t\t\t\t\t<div class='uagb-post__text uagb-post-grid-byline'>\n\t\t\t\t\t\t\t\t<span class=\"uagb-post__author\">\n\t\t\t\t\t\t\t\t\t<a href=\"https:\/\/www.fuoribinario.org\/index.php\/author\/valentinabaronti\/\" title=\"Articoli scritti da Valentina Baronti\" rel=\"author\" itemprop=\"author\" itemscope=\"itemscope\" itemtype=\"https:\/\/schema.org\/Person\">Valentina Baronti<\/a>\t\t\t\t<\/span>\n\t\t\t\t\t\t\t<time datetime=\"2025-11-27T09:17:49+00:00\" class=\"uagb-post__date\">\n\t\t\t\t\t\t\t\t\t27\/11\/2025\t\t\t\t<\/time>\n\t\t\t\t\t\t<\/div>\n\t\t\t\t\t\t\t<div class='uagb-post__text uagb-post__excerpt'>\n\t\t\t\t\t<p>DI VALENTINA BARONTI Corpi a disposizione dei pi\u00f9 fragili. Sono una cinquantina i militanti della Rete Antisfratto Area Fiorentina, che da pi\u00f9 di dieci anni si&#8230;\t\t\t\t<\/div>\n\t\t\t\t\t\t<div class=\"uagb-post__text uagb-post__cta wp-block-button\">\n\t\t\t\t<a class=\"wp-block-button__link uagb-text-link\" style=\"\" href=\"https:\/\/www.fuoribinario.org\/index.php\/2025\/11\/27\/la-rete-antisfratto-e-un-manuale-di-resistenza\/\" target=\"_self\" rel=\"bookmark noopener noreferrer\">Leggi tutto<\/a>\n\t\t\t<\/div>\n\t\t\t\n\t\t\t\t\t\t\t\t\t<\/article>\n\t\t\t\t\t\t\t\t\t\t\t\t\t\t\t\t<article class=\"uagb-post__inner-wrap\">\t\t\t\t\t\t\t\t<div class='uagb-post__image'>\n\t\t\t\t\t\t\t\t\t<a href=\"https:\/\/www.fuoribinario.org\/index.php\/2025\/11\/27\/la-mente-incarcerata\/\" target=\"_self\" rel=\"bookmark noopener noreferrer\" class='uagb-image-ratio-inherit'><img loading=\"lazy\" decoding=\"async\" width=\"372\" height=\"352\" src=\"https:\/\/www.fuoribinario.org\/wp-content\/uploads\/2025\/11\/Schermata-del-2025-11-27-09-38-26.png\" class=\"attachment-large size-large\" alt=\"\" srcset=\"https:\/\/www.fuoribinario.org\/wp-content\/uploads\/2025\/11\/Schermata-del-2025-11-27-09-38-26.png 372w, https:\/\/www.fuoribinario.org\/wp-content\/uploads\/2025\/11\/Schermata-del-2025-11-27-09-38-26-300x284.png 300w\" sizes=\"auto, (max-width: 372px) 100vw, 372px\" \/>\t\t\t\t\t<\/a>\n\t\t\t\t\t\t\t<\/div>\n\t\t\t\t\t\t<h4 class=\"uagb-post__title uagb-post__text\">\n\t\t\t\t<a href=\"https:\/\/www.fuoribinario.org\/index.php\/2025\/11\/27\/la-mente-incarcerata\/\" target=\"_self\" rel=\"bookmark noopener noreferrer\">La mente incarcerata<\/a>\n\t\t\t<\/h4>\n\t\t\t\t\t\t<div class='uagb-post__text uagb-post-grid-byline'>\n\t\t\t\t\t\t\t\t<span class=\"uagb-post__author\">\n\t\t\t\t\t\t\t\t\t<a href=\"https:\/\/www.fuoribinario.org\/index.php\/author\/fraska\/\" title=\"Articoli scritti da Fraska\" rel=\"author\" itemprop=\"author\" itemscope=\"itemscope\" itemtype=\"https:\/\/schema.org\/Person\">Fraska<\/a>, <a href=\"https:\/\/www.fuoribinario.org\/index.php\/author\/jacopo\/\" title=\"Articoli scritti da Jacopo Stefani\" rel=\"author\" itemprop=\"author\" itemscope=\"itemscope\" itemtype=\"https:\/\/schema.org\/Person\">Jacopo Stefani<\/a>\t\t\t\t<\/span>\n\t\t\t\t\t\t\t<time datetime=\"2025-11-27T07:41:00+00:00\" class=\"uagb-post__date\">\n\t\t\t\t\t\t\t\t\t27\/11\/2025\t\t\t\t<\/time>\n\t\t\t\t\t\t<\/div>\n\t\t\t\t\t\t\t<div class='uagb-post__text uagb-post__excerpt'>\n\t\t\t\t\t<p>DI FRANCESCO MARTINELLI E JACOPO STEFANI Il 28 ottobre si \u00e8 svolto, nella sede del Consiglio Regionale della Toscana, il convegno \u201cLa mente incarcerata, salute mentale&#8230;\t\t\t\t<\/div>\n\t\t\t\t\t\t<div class=\"uagb-post__text uagb-post__cta wp-block-button\">\n\t\t\t\t<a class=\"wp-block-button__link uagb-text-link\" style=\"\" href=\"https:\/\/www.fuoribinario.org\/index.php\/2025\/11\/27\/la-mente-incarcerata\/\" target=\"_self\" rel=\"bookmark noopener noreferrer\">Leggi tutto<\/a>\n\t\t\t<\/div>\n\t\t\t\n\t\t\t\t\t\t\t\t\t<\/article>\n\t\t\t\t\t\t\t\t\t\t\t\t\t\t\t\t<article class=\"uagb-post__inner-wrap\">\t\t\t\t\t\t\t\t<div class='uagb-post__image'>\n\t\t\t\t\t\t\t\t\t<a href=\"https:\/\/www.fuoribinario.org\/index.php\/2025\/11\/26\/contro-gli-affitti-brevi\/\" target=\"_self\" rel=\"bookmark noopener noreferrer\" class='uagb-image-ratio-inherit'><img loading=\"lazy\" decoding=\"async\" width=\"289\" height=\"428\" src=\"https:\/\/www.fuoribinario.org\/wp-content\/uploads\/2025\/11\/Schermata-del-2025-11-27-09-06-39.png\" class=\"attachment-large size-large\" alt=\"\" srcset=\"https:\/\/www.fuoribinario.org\/wp-content\/uploads\/2025\/11\/Schermata-del-2025-11-27-09-06-39.png 289w, https:\/\/www.fuoribinario.org\/wp-content\/uploads\/2025\/11\/Schermata-del-2025-11-27-09-06-39-203x300.png 203w\" sizes=\"auto, (max-width: 289px) 100vw, 289px\" \/>\t\t\t\t\t<\/a>\n\t\t\t\t\t\t\t<\/div>\n\t\t\t\t\t\t<h4 class=\"uagb-post__title uagb-post__text\">\n\t\t\t\t<a href=\"https:\/\/www.fuoribinario.org\/index.php\/2025\/11\/26\/contro-gli-affitti-brevi\/\" target=\"_self\" rel=\"bookmark noopener noreferrer\">Contro gli affitti brevi<\/a>\n\t\t\t<\/h4>\n\t\t\t\t\t\t<div class='uagb-post__text uagb-post-grid-byline'>\n\t\t\t\t\t\t\t\t<span class=\"uagb-post__author\">\n\t\t\t\t\t\t\t\t\t<a href=\"https:\/\/www.fuoribinario.org\/index.php\/author\/cristianolucchi\/\" title=\"Articoli scritti da Cristiano Lucchi\" rel=\"author\" itemprop=\"author\" itemscope=\"itemscope\" itemtype=\"https:\/\/schema.org\/Person\">Cristiano Lucchi<\/a>\t\t\t\t<\/span>\n\t\t\t\t\t\t\t<time datetime=\"2025-11-26T08:33:51+00:00\" class=\"uagb-post__date\">\n\t\t\t\t\t\t\t\t\t26\/11\/2025\t\t\t\t<\/time>\n\t\t\t\t\t\t<\/div>\n\t\t\t\t\t\t\t<div class='uagb-post__text uagb-post__excerpt'>\n\t\t\t\t\t<p>DI CRISTIANO LUCCHI \u201cAttenzione. Eutanasia in corso\u201d. Nella Firenze dei mille cantieri \u00e8 questo il cartello a cui dovremmo tutti fare attenzione. La citt\u00e0 sembra viva,&#8230;\t\t\t\t<\/div>\n\t\t\t\t\t\t<div class=\"uagb-post__text uagb-post__cta wp-block-button\">\n\t\t\t\t<a class=\"wp-block-button__link uagb-text-link\" style=\"\" href=\"https:\/\/www.fuoribinario.org\/index.php\/2025\/11\/26\/contro-gli-affitti-brevi\/\" target=\"_self\" rel=\"bookmark noopener noreferrer\">Leggi tutto<\/a>\n\t\t\t<\/div>\n\t\t\t\n\t\t\t\t\t\t\t\t\t<\/article>\n\t\t\t\t\t\t\t\t\t\t\t\t\t\t\t\t<article class=\"uagb-post__inner-wrap\">\t\t\t\t\t\t\t\t<div class='uagb-post__image'>\n\t\t\t\t\t\t\t\t\t<a href=\"https:\/\/www.fuoribinario.org\/index.php\/2025\/11\/26\/operai-in-vetrina\/\" target=\"_self\" rel=\"bookmark noopener noreferrer\" class='uagb-image-ratio-inherit'><img loading=\"lazy\" decoding=\"async\" width=\"299\" height=\"168\" src=\"https:\/\/www.fuoribinario.org\/wp-content\/uploads\/2025\/11\/ALBA.jpeg\" class=\"attachment-large size-large\" alt=\"\" \/>\t\t\t\t\t<\/a>\n\t\t\t\t\t\t\t<\/div>\n\t\t\t\t\t\t<h4 class=\"uagb-post__title uagb-post__text\">\n\t\t\t\t<a href=\"https:\/\/www.fuoribinario.org\/index.php\/2025\/11\/26\/operai-in-vetrina\/\" target=\"_self\" rel=\"bookmark noopener noreferrer\">Operai in vetrina<\/a>\n\t\t\t<\/h4>\n\t\t\t\t\t\t<div class='uagb-post__text uagb-post-grid-byline'>\n\t\t\t\t\t\t\t\t<span class=\"uagb-post__author\">\n\t\t\t\t\t\t\t\t\t<a href=\"https:\/\/www.fuoribinario.org\/index.php\/author\/valentinabaronti\/\" title=\"Articoli scritti da Valentina Baronti\" rel=\"author\" itemprop=\"author\" itemscope=\"itemscope\" itemtype=\"https:\/\/schema.org\/Person\">Valentina Baronti<\/a>\t\t\t\t<\/span>\n\t\t\t\t\t\t\t<time datetime=\"2025-11-26T08:24:47+00:00\" class=\"uagb-post__date\">\n\t\t\t\t\t\t\t\t\t26\/11\/2025\t\t\t\t<\/time>\n\t\t\t\t\t\t<\/div>\n\t\t\t\t\t\t\t<div class='uagb-post__text uagb-post__excerpt'>\n\t\t\t\t\t<p>DI VALENTINA BARONTI Quest\u2019anno nelle vetrine del centro storico di Firenze i passanti hanno trovato un \u201caddobbo\u201d in pi\u00f9. I lavoratori della stireria Alba di Montemurlo,&#8230;\t\t\t\t<\/div>\n\t\t\t\t\t\t<div class=\"uagb-post__text uagb-post__cta wp-block-button\">\n\t\t\t\t<a class=\"wp-block-button__link uagb-text-link\" style=\"\" href=\"https:\/\/www.fuoribinario.org\/index.php\/2025\/11\/26\/operai-in-vetrina\/\" target=\"_self\" rel=\"bookmark noopener noreferrer\">Leggi tutto<\/a>\n\t\t\t<\/div>\n\t\t\t\n\t\t\t\t\t\t\t\t\t<\/article>\n\t\t\t\t\t\t\t\t\t\t\t\t\t\t\t\t<article class=\"uagb-post__inner-wrap\">\t\t\t\t\t\t\t\t<div class='uagb-post__image'>\n\t\t\t\t\t\t\t\t\t<a href=\"https:\/\/www.fuoribinario.org\/index.php\/2025\/11\/26\/una-patrimoniale-per-i-diritti\/\" target=\"_self\" rel=\"bookmark noopener noreferrer\" class='uagb-image-ratio-inherit'><img loading=\"lazy\" decoding=\"async\" width=\"1024\" height=\"541\" src=\"https:\/\/www.fuoribinario.org\/wp-content\/uploads\/2025\/11\/patrimoniale-1024x541.png\" class=\"attachment-large size-large\" alt=\"\" srcset=\"https:\/\/www.fuoribinario.org\/wp-content\/uploads\/2025\/11\/patrimoniale-1024x541.png 1024w, https:\/\/www.fuoribinario.org\/wp-content\/uploads\/2025\/11\/patrimoniale-300x159.png 300w, https:\/\/www.fuoribinario.org\/wp-content\/uploads\/2025\/11\/patrimoniale-768x406.png 768w, https:\/\/www.fuoribinario.org\/wp-content\/uploads\/2025\/11\/patrimoniale.png 1200w\" sizes=\"auto, (max-width: 1024px) 100vw, 1024px\" \/>\t\t\t\t\t<\/a>\n\t\t\t\t\t\t\t<\/div>\n\t\t\t\t\t\t<h4 class=\"uagb-post__title uagb-post__text\">\n\t\t\t\t<a href=\"https:\/\/www.fuoribinario.org\/index.php\/2025\/11\/26\/una-patrimoniale-per-i-diritti\/\" target=\"_self\" rel=\"bookmark noopener noreferrer\">Una patrimoniale per i diritti<\/a>\n\t\t\t<\/h4>\n\t\t\t\t\t\t<div class='uagb-post__text uagb-post-grid-byline'>\n\t\t\t\t\t\t\t\t<span class=\"uagb-post__author\">\n\t\t\t\t\t\t\t\t\t<a href=\"https:\/\/www.fuoribinario.org\/index.php\/author\/cristianolucchi\/\" title=\"Articoli scritti da Cristiano Lucchi\" rel=\"author\" itemprop=\"author\" itemscope=\"itemscope\" itemtype=\"https:\/\/schema.org\/Person\">Cristiano Lucchi<\/a>\t\t\t\t<\/span>\n\t\t\t\t\t\t\t<time datetime=\"2025-11-26T08:22:10+00:00\" class=\"uagb-post__date\">\n\t\t\t\t\t\t\t\t\t26\/11\/2025\t\t\t\t<\/time>\n\t\t\t\t\t\t<\/div>\n\t\t\t\t\t\t\t<div class='uagb-post__text uagb-post__excerpt'>\n\t\t\t\t\t<p>DI CRISTIANO LUCCHI Avere un tetto sulla testa \u00e8 una delle condizioni fondamentali per vivere bene. Chi non ha una casa, chi non \u00e8 protetto da&#8230;\t\t\t\t<\/div>\n\t\t\t\t\t\t<div class=\"uagb-post__text uagb-post__cta wp-block-button\">\n\t\t\t\t<a class=\"wp-block-button__link uagb-text-link\" style=\"\" href=\"https:\/\/www.fuoribinario.org\/index.php\/2025\/11\/26\/una-patrimoniale-per-i-diritti\/\" target=\"_self\" rel=\"bookmark noopener noreferrer\">Leggi tutto<\/a>\n\t\t\t<\/div>\n\t\t\t\n\t\t\t\t\t\t\t\t\t<\/article>\n\t\t\t\t\t\t\t\t\t\t\t\t\t\t\t\t<article class=\"uagb-post__inner-wrap\">\t\t\t\t\t\t\t\t<div class='uagb-post__image'>\n\t\t\t\t\t\t\t\t\t<a href=\"https:\/\/www.fuoribinario.org\/index.php\/2025\/11\/01\/vogliamo-tuttaltro\/\" target=\"_self\" rel=\"bookmark noopener noreferrer\" class='uagb-image-ratio-inherit'><img loading=\"lazy\" decoding=\"async\" width=\"529\" height=\"496\" src=\"https:\/\/www.fuoribinario.org\/wp-content\/uploads\/2025\/11\/Schermata-del-2025-11-27-09-34-19.png\" class=\"attachment-large size-large\" alt=\"\" srcset=\"https:\/\/www.fuoribinario.org\/wp-content\/uploads\/2025\/11\/Schermata-del-2025-11-27-09-34-19.png 529w, https:\/\/www.fuoribinario.org\/wp-content\/uploads\/2025\/11\/Schermata-del-2025-11-27-09-34-19-300x281.png 300w\" sizes=\"auto, (max-width: 529px) 100vw, 529px\" \/>\t\t\t\t\t<\/a>\n\t\t\t\t\t\t\t<\/div>\n\t\t\t\t\t\t<h4 class=\"uagb-post__title uagb-post__text\">\n\t\t\t\t<a href=\"https:\/\/www.fuoribinario.org\/index.php\/2025\/11\/01\/vogliamo-tuttaltro\/\" target=\"_self\" rel=\"bookmark noopener noreferrer\">Vogliamo tutt\u2019altro<\/a>\n\t\t\t<\/h4>\n\t\t\t\t\t\t<div class='uagb-post__text uagb-post-grid-byline'>\n\t\t\t\t\t\t\t\t<span class=\"uagb-post__author\">\n\t\t\t\t\t\t\t\t\t<a href=\"https:\/\/www.fuoribinario.org\/index.php\/author\/cristianolucchi\/\" title=\"Articoli scritti da Cristiano Lucchi\" rel=\"author\" itemprop=\"author\" itemscope=\"itemscope\" itemtype=\"https:\/\/schema.org\/Person\">Cristiano Lucchi<\/a>\t\t\t\t<\/span>\n\t\t\t\t\t\t\t<time datetime=\"2025-11-01T08:37:28+00:00\" class=\"uagb-post__date\">\n\t\t\t\t\t\t\t\t\t01\/11\/2025\t\t\t\t<\/time>\n\t\t\t\t\t\t<\/div>\n\t\t\t\t\t\t\t<div class='uagb-post__text uagb-post__excerpt'>\n\t\t\t\t\t<p>DI CRISTIANO LUCCHI Chi sono e cosa vogliono le persone che in questo inizio di autunno sono scese in piazza a milioni per dire basta al&#8230;\t\t\t\t<\/div>\n\t\t\t\t\t\t<div class=\"uagb-post__text uagb-post__cta wp-block-button\">\n\t\t\t\t<a class=\"wp-block-button__link uagb-text-link\" style=\"\" href=\"https:\/\/www.fuoribinario.org\/index.php\/2025\/11\/01\/vogliamo-tuttaltro\/\" target=\"_self\" rel=\"bookmark noopener noreferrer\">Leggi tutto<\/a>\n\t\t\t<\/div>\n\t\t\t\n\t\t\t\t\t\t\t\t\t<\/article>\n\t\t\t\t\t\t\t\t\t\t\t\t\t\t\t\t<article class=\"uagb-post__inner-wrap\">\t\t\t\t\t\t\t\t<div class='uagb-post__image'>\n\t\t\t\t\t\t\t\t\t<a href=\"https:\/\/www.fuoribinario.org\/index.php\/2025\/10\/24\/urbicidio\/\" target=\"_self\" rel=\"bookmark noopener noreferrer\" class='uagb-image-ratio-inherit'><img loading=\"lazy\" decoding=\"async\" width=\"500\" height=\"300\" src=\"https:\/\/www.fuoribinario.org\/wp-content\/uploads\/2025\/11\/s.jpg\" class=\"attachment-large size-large\" alt=\"\" srcset=\"https:\/\/www.fuoribinario.org\/wp-content\/uploads\/2025\/11\/s.jpg 500w, https:\/\/www.fuoribinario.org\/wp-content\/uploads\/2025\/11\/s-300x180.jpg 300w\" sizes=\"auto, (max-width: 500px) 100vw, 500px\" \/>\t\t\t\t\t<\/a>\n\t\t\t\t\t\t\t<\/div>\n\t\t\t\t\t\t<h4 class=\"uagb-post__title uagb-post__text\">\n\t\t\t\t<a href=\"https:\/\/www.fuoribinario.org\/index.php\/2025\/10\/24\/urbicidio\/\" target=\"_self\" rel=\"bookmark noopener noreferrer\">Urbicidio<\/a>\n\t\t\t<\/h4>\n\t\t\t\t\t\t<div class='uagb-post__text uagb-post-grid-byline'>\n\t\t\t\t\t\t\t\t<span class=\"uagb-post__author\">\n\t\t\t\t\t\t\t\t\t<a href=\"https:\/\/www.fuoribinario.org\/index.php\/author\/cristianolucchi\/\" title=\"Articoli scritti da Cristiano Lucchi\" rel=\"author\" itemprop=\"author\" itemscope=\"itemscope\" itemtype=\"https:\/\/schema.org\/Person\">Cristiano Lucchi<\/a>\t\t\t\t<\/span>\n\t\t\t\t\t\t\t<time datetime=\"2025-10-24T08:39:21+00:00\" class=\"uagb-post__date\">\n\t\t\t\t\t\t\t\t\t24\/10\/2025\t\t\t\t<\/time>\n\t\t\t\t\t\t<\/div>\n\t\t\t\t\t\t\t<div class='uagb-post__text uagb-post__excerpt'>\n\t\t\t\t\t<p>DI CRISTIANO LUCCHI Scena prima. Un luogo bellissimo affacciato sul Mediterraneo, una storia millenaria, un patrimonio culturale importante, ricco di capolavori artistici, architettonici, archeologici (e non&#8230;\t\t\t\t<\/div>\n\t\t\t\t\t\t<div class=\"uagb-post__text uagb-post__cta wp-block-button\">\n\t\t\t\t<a class=\"wp-block-button__link uagb-text-link\" style=\"\" href=\"https:\/\/www.fuoribinario.org\/index.php\/2025\/10\/24\/urbicidio\/\" target=\"_self\" rel=\"bookmark noopener noreferrer\">Leggi tutto<\/a>\n\t\t\t<\/div>\n\t\t\t\n\t\t\t\t\t\t\t\t\t<\/article>\n\t\t\t\t\t\t\t\t\t\t\t\t\t<div class=\"uagb-post-pagination-wrap\">\n\t\t\t\t\t\t\t\t\t\t\t<\/div>\n\t\t\t\t\t\t\t\t<\/div>\n\t\t\t\n\n\n<p><\/p>\n","protected":false},"excerpt":{"rendered":"<p>Editoriali, commenti e prese di posizione della nostra redazione<\/p>\n","protected":false},"author":1,"featured_media":0,"parent":0,"menu_order":0,"comment_status":"closed","ping_status":"closed","template":"","meta":{"_uag_custom_page_level_css":"","site-sidebar-layout":"default","site-content-layout":"","ast-site-content-layout":"default","site-content-style":"default","site-sidebar-style":"default","ast-global-header-display":"","ast-banner-title-visibility":"","ast-main-header-display":"","ast-hfb-above-header-display":"","ast-hfb-below-header-display":"","ast-hfb-mobile-header-display":"","site-post-title":"","ast-breadcrumbs-content":"","ast-featured-img":"","footer-sml-layout":"","ast-disable-related-posts":"","theme-transparent-header-meta":"","adv-header-id-meta":"","stick-header-meta":"","header-above-stick-meta":"","header-main-stick-meta":"","header-below-stick-meta":"","astra-migrate-meta-layouts":"set","ast-page-background-enabled":"default","ast-page-background-meta":{"desktop":{"background-color":"var(--ast-global-color-4)","background-image":"","background-repeat":"repeat","background-position":"center center","background-size":"auto","background-attachment":"scroll","background-type":"","background-media":"","overlay-type":"","overlay-color":"","overlay-opacity":"","overlay-gradient":""},"tablet":{"background-color":"","background-image":"","background-repeat":"repeat","background-position":"center center","background-size":"auto","background-attachment":"scroll","background-type":"","background-media":"","overlay-type":"","overlay-color":"","overlay-opacity":"","overlay-gradient":""},"mobile":{"background-color":"","background-image":"","background-repeat":"repeat","background-position":"center center","background-size":"auto","background-attachment":"scroll","background-type":"","background-media":"","overlay-type":"","overlay-color":"","overlay-opacity":"","overlay-gradient":""}},"ast-content-background-meta":{"desktop":{"background-color":"var(--ast-global-color-5)","background-image":"","background-repeat":"repeat","background-position":"center center","background-size":"auto","background-attachment":"scroll","background-type":"","background-media":"","overlay-type":"","overlay-color":"","overlay-opacity":"","overlay-gradient":""},"tablet":{"background-color":"var(--ast-global-color-5)","background-image":"","background-repeat":"repeat","background-position":"center center","background-size":"auto","background-attachment":"scroll","background-type":"","background-media":"","overlay-type":"","overlay-color":"","overlay-opacity":"","overlay-gradient":""},"mobile":{"background-color":"var(--ast-global-color-5)","background-image":"","background-repeat":"repeat","background-position":"center center","background-size":"auto","background-attachment":"scroll","background-type":"","background-media":"","overlay-type":"","overlay-color":"","overlay-opacity":"","overlay-gradient":""}},"footnotes":""},"ppma_author":[37],"class_list":["post-629","page","type-page","status-publish","hentry"],"uagb_featured_image_src":{"full":false,"thumbnail":false,"medium":false,"medium_large":false,"large":false,"1536x1536":false,"2048x2048":false},"uagb_author_info":{"display_name":"fb","author_link":"https:\/\/www.fuoribinario.org\/index.php\/author\/fb\/"},"uagb_comment_info":0,"uagb_excerpt":"Editoriali, commenti e prese di posizione della nostra redazione","_links":{"self":[{"href":"https:\/\/www.fuoribinario.org\/index.php\/wp-json\/wp\/v2\/pages\/629","targetHints":{"allow":["GET"]}}],"collection":[{"href":"https:\/\/www.fuoribinario.org\/index.php\/wp-json\/wp\/v2\/pages"}],"about":[{"href":"https:\/\/www.fuoribinario.org\/index.php\/wp-json\/wp\/v2\/types\/page"}],"author":[{"embeddable":true,"href":"https:\/\/www.fuoribinario.org\/index.php\/wp-json\/wp\/v2\/users\/1"}],"replies":[{"embeddable":true,"href":"https:\/\/www.fuoribinario.org\/index.php\/wp-json\/wp\/v2\/comments?post=629"}],"version-history":[{"count":8,"href":"https:\/\/www.fuoribinario.org\/index.php\/wp-json\/wp\/v2\/pages\/629\/revisions"}],"predecessor-version":[{"id":3516,"href":"https:\/\/www.fuoribinario.org\/index.php\/wp-json\/wp\/v2\/pages\/629\/revisions\/3516"}],"wp:attachment":[{"href":"https:\/\/www.fuoribinario.org\/index.php\/wp-json\/wp\/v2\/media?parent=629"}],"wp:term":[{"taxonomy":"author","embeddable":true,"href":"https:\/\/www.fuoribinario.org\/index.php\/wp-json\/wp\/v2\/ppma_author?post=629"}],"curies":[{"name":"wp","href":"https:\/\/api.w.org\/{rel}","templated":true}]}}